{"id":20,"date":"2023-08-30T16:42:37","date_gmt":"2023-08-30T16:42:37","guid":{"rendered":"https:\/\/educacao.ufpr.br\/otp\/?page_id=20"},"modified":"2023-09-06T18:40:43","modified_gmt":"2023-09-06T18:40:43","slug":"inicio","status":"publish","type":"page","link":"https:\/\/educacao.ufpr.br\/otp\/","title":{"rendered":"Inicio"},"content":{"rendered":"\t\t<div data-elementor-type=\"wp-page\" data-elementor-id=\"20\" class=\"elementor elementor-20\">\n\t\t\t\t\t\t<section class=\"elementor-section elementor-top-section elementor-element elementor-element-10ce3ec elementor-section-boxed elementor-section-height-default elementor-section-height-default\" data-id=\"10ce3ec\" data-element_type=\"section\">\n\t\t\t\t\t\t<div class=\"elementor-container elementor-column-gap-default\">\n\t\t\t\t\t<div class=\"elementor-column elementor-col-33 elementor-top-column elementor-element elementor-element-7a552ce\" data-id=\"7a552ce\" data-element_type=\"column\">\n\t\t\t<div class=\"elementor-widget-wrap elementor-element-populated\">\n\t\t\t\t\t\t<div class=\"elementor-element elementor-element-4d2f6f5 elementor-widget elementor-widget-heading\" data-id=\"4d2f6f5\" data-element_type=\"widget\" data-widget_type=\"heading.default\">\n\t\t\t\t<div class=\"elementor-widget-container\">\n\t\t\t\t\t<h4 class=\"elementor-heading-title elementor-size-default\">HIST\u00d3RICO <\/h4>\t\t\t\t<\/div>\n\t\t\t\t<\/div>\n\t\t\t\t<div class=\"elementor-element elementor-element-f11c4f8 elementor-widget elementor-widget-text-editor\" data-id=\"f11c4f8\" data-element_type=\"widget\" data-widget_type=\"text-editor.default\">\n\t\t\t\t<div class=\"elementor-widget-container\">\n\t\t\t\t\t\t\t\t\t<p><span data-contrast=\"auto\">A presente proposta de oferta do \u201cCurso de Organiza\u00e7\u00e3o do Trabalho Pedag\u00f3gico na Educa\u00e7\u00e3o Escolar P\u00fablica de N\u00edvel Fundamental do 6\u00ba ao 9\u00ba Ano -2023-2025\u201d, \u00e9 a primeira oferta p\u00f3s o per\u00edodo pand\u00eamico, constituindo-se na 13\u00aa turma.\u00a0<\/span><span data-ccp-props=\"{\">\u00a0<\/span><\/p><p><span data-contrast=\"auto\">Esse Curso de Especializa\u00e7\u00e3o em Organiza\u00e7\u00e3o do Trabalho Pedag\u00f3gico foi ofertado de forma cont\u00ednua desde 1998, pelo Departamento de Planejamento e Administra\u00e7\u00e3o Escolar do Setor de Educa\u00e7\u00e3o da Universidade Federal do Paran\u00e1, assumindo enfoques diferenciados, tais como:\u00a0 de 2010 a 2014 a \u00eanfase foram as rela\u00e7\u00f5es entre a escola p\u00fablica e a educa\u00e7\u00e3o popular e a partir de 2015 tem se priorizado a educa\u00e7\u00e3o escolar p\u00fablica de n\u00edvel fundamental do 6\u00ba. ao 9\u00ba. ano.<\/span><span data-ccp-props=\"{\">\u00a0<\/span><\/p><p><span data-contrast=\"auto\">Esse formato atual Curso de Organiza\u00e7\u00e3o do Trabalho Pedag\u00f3gico na Educa\u00e7\u00e3o Escolar P\u00fablica de N\u00edvel Fundamental do 6\u00ba ao 9\u00ba Ano foi definido considerando-se, tamb\u00e9m, as diferentes iniciativas voltadas \u00e0 forma\u00e7\u00e3o continuada de professores e pedagogos que atuavam na Educa\u00e7\u00e3o B\u00e1sica, \u00e0 \u00e9poca, a saber:<\/span><\/p><ol><li><span data-contrast=\"auto\">\u201cCurso de Especializa\u00e7\u00e3o em Pol\u00edtica Educacional\u201d;<\/span><\/li><li><span data-contrast=\"auto\">\u201cCurso de Especializa\u00e7\u00e3o em Educa\u00e7\u00e3o Infantil\u201d;<\/span><\/li><li><span data-contrast=\"auto\">\u201cCurso de Especializa\u00e7\u00e3o em Filosofia\u201d;<\/span><\/li><li><span data-contrast=\"auto\">\u201cCurso de Especializa\u00e7\u00e3o para Gestores e Coordenadores Pedag\u00f3gicos da Escola de Gestores\u201d;<\/span><\/li><li><span data-contrast=\"auto\">\u201cCurso de Especializa\u00e7\u00e3o em Educa\u00e7\u00e3o, Pobreza e Desigualdade\u201d;<\/span><\/li><li><span data-contrast=\"auto\">&#8220;Curso de Extens\u00e3o para a Forma\u00e7\u00e3o Continuada de Professores e de Coordenadoras Pedag\u00f3gicos do Ensino M\u00e9dio\u201d;<\/span><\/li><li><span data-contrast=\"auto\">\u201cCurso de Extens\u00e3o Pacto Nacional pelo Ensino M\u00e9dio\u201d.<\/span><\/li><\/ol><p><span data-contrast=\"auto\">Tamb\u00e9m na atual oferta do \u201cCurso de Organiza\u00e7\u00e3o do Trabalho Pedag\u00f3gico na Educa\u00e7\u00e3o Escolar P\u00fablica de N\u00edvel Fundamental do 6\u00ba ao 9\u00ba Ano \u2013 2023-2025\u201d est\u00e3o mantidos tanto o princ\u00edpio da gratuidade, quanto os compromissos hist\u00f3ricos com os interesses populares impl\u00edcitos nas lutas pela qualidade, socialmente referenciada, do ensino ofertado \u00e0 maioria da popula\u00e7\u00e3o pela escola p\u00fablica.<\/span><span data-ccp-props=\"{\">\u00a0<\/span><\/p>\t\t\t\t\t\t\t\t<\/div>\n\t\t\t\t<\/div>\n\t\t\t\t\t<\/div>\n\t\t<\/div>\n\t\t\t\t<div class=\"elementor-column elementor-col-33 elementor-top-column elementor-element elementor-element-afbd438\" data-id=\"afbd438\" data-element_type=\"column\">\n\t\t\t<div class=\"elementor-widget-wrap elementor-element-populated\">\n\t\t\t\t\t\t<div class=\"elementor-element elementor-element-b01241e elementor-widget elementor-widget-heading\" data-id=\"b01241e\" data-element_type=\"widget\" data-widget_type=\"heading.default\">\n\t\t\t\t<div class=\"elementor-widget-container\">\n\t\t\t\t\t<h4 class=\"elementor-heading-title elementor-size-default\">OBJETIVOS DO CURSO <\/h4>\t\t\t\t<\/div>\n\t\t\t\t<\/div>\n\t\t\t\t<div class=\"elementor-element elementor-element-6dc81c4 elementor-widget elementor-widget-text-editor\" data-id=\"6dc81c4\" data-element_type=\"widget\" data-widget_type=\"text-editor.default\">\n\t\t\t\t<div class=\"elementor-widget-container\">\n\t\t\t\t\t\t\t\t\t<ol><li><span data-contrast=\"none\"> Aprimoramento da forma\u00e7\u00e3o inicial de Pedagogos especificamente no que tange ao aprimoramento de estudos sobre a rela\u00e7\u00e3o entre o papel fundamental do conhecimento (cient\u00edfico\/art\u00edstico\/filos\u00f3fico) na educa\u00e7\u00e3o escolar dos adolescentes, segundo as orienta\u00e7\u00f5es tanto da Pedagogia Hist\u00f3rico &#8211; Cr\u00edtica, quanto da Psicologia Hist\u00f3rico Cultural;\u00a0<\/span><\/li><\/ol><p><span data-ccp-props=\"{&quot;201341983&quot;:0,&quot;335551550&quot;:6,&quot;335551620&quot;:6,&quot;335559739&quot;:0,&quot;335559740&quot;:240}\">\u00a0<\/span><\/p><ol start=\"2\"><li><span data-contrast=\"none\"> Estimular os estudos e a produ\u00e7\u00e3o de monografias, que correspondam aos temas indicados pela Coordena\u00e7\u00e3o de Curso.\u00a0<\/span><\/li><\/ol>\t\t\t\t\t\t\t\t<\/div>\n\t\t\t\t<\/div>\n\t\t\t\t\t<\/div>\n\t\t<\/div>\n\t\t\t\t<div class=\"elementor-column elementor-col-33 elementor-top-column elementor-element elementor-element-58fbe51\" data-id=\"58fbe51\" data-element_type=\"column\">\n\t\t\t<div class=\"elementor-widget-wrap elementor-element-populated\">\n\t\t\t\t\t\t<div class=\"elementor-element elementor-element-6f94d29 elementor-widget elementor-widget-heading\" data-id=\"6f94d29\" data-element_type=\"widget\" data-widget_type=\"heading.default\">\n\t\t\t\t<div class=\"elementor-widget-container\">\n\t\t\t\t\t<h4 class=\"elementor-heading-title elementor-size-default\">CARACTER\u00cdSITICAS DO CURSO<\/h4>\t\t\t\t<\/div>\n\t\t\t\t<\/div>\n\t\t\t\t<div class=\"elementor-element elementor-element-6d594e3 elementor-widget elementor-widget-text-editor\" data-id=\"6d594e3\" data-element_type=\"widget\" data-widget_type=\"text-editor.default\">\n\t\t\t\t<div class=\"elementor-widget-container\">\n\t\t\t\t\t\t\t\t\t<p><b><span data-contrast=\"none\">Carga <\/span><\/b><b><span data-contrast=\"auto\">Hor\u00e1ria:<\/span><\/b> <b><span data-contrast=\"auto\">360<\/span><\/b><span data-contrast=\"auto\"> horas de aulas te\u00f3ricas, correspondendo a 24 cr\u00e9ditos de 15 horas cada.<\/span><span data-ccp-props=\"{&quot;201341983&quot;:0,&quot;335559685&quot;:2340,&quot;335559739&quot;:0,&quot;335559740&quot;:240,&quot;335559991&quot;:2340}\">\u00a0<\/span><\/p><p><b><span data-contrast=\"none\">P\u00fablico Alvo<\/span><\/b><span data-contrast=\"auto\">: Portadores de diplomas de Pedagogia inseridos ou n\u00e3o no exerc\u00edcio profissional (h\u00e1 distribui\u00e7\u00e3o diferenciada de vagas) na escola p\u00fablica, formados h\u00e1 mais de quatro anos.<\/span><span data-ccp-props=\"{&quot;201341983&quot;:0,&quot;335551550&quot;:6,&quot;335551620&quot;:6,&quot;335559739&quot;:0,&quot;335559740&quot;:240,&quot;469777462&quot;:[1440],&quot;469777927&quot;:[0],&quot;469777928&quot;:[1]}\">\u00a0<\/span><\/p><p><b><span data-contrast=\"none\">Per\u00edodo das aulas: <\/span><\/b><span data-contrast=\"none\">In\u00edcio: <\/span><b><span data-contrast=\"auto\">09\/05\/2023<\/span><\/b><span data-contrast=\"none\">\u00a0\u00a0\u00a0\u00a0 T\u00e9rmino: <\/span><b><span data-contrast=\"auto\">12\/12\/2024<\/span><\/b><span data-ccp-props=\"{&quot;201341983&quot;:0,&quot;335551550&quot;:6,&quot;335551620&quot;:6,&quot;335559739&quot;:0,&quot;335559740&quot;:240}\">\u00a0<\/span><\/p><p><b><span data-contrast=\"none\">Dias letivos<\/span><\/b><span data-contrast=\"none\">: ter\u00e7as e quintas-feiras<\/span><\/p><p><b><span data-contrast=\"none\">Hor\u00e1rio das aulas<\/span><\/b><span data-contrast=\"none\">: 19:00 \u00e0s 22:00<\/span><\/p><p><b><span data-contrast=\"none\">Local de realiza\u00e7\u00e3o das aulas<\/span><\/b><span data-contrast=\"none\">: Ed. D. Pedro I\u00a0<\/span><span data-ccp-props=\"{&quot;201341983&quot;:0,&quot;335551550&quot;:6,&quot;335551620&quot;:6,&quot;335559685&quot;:708,&quot;335559739&quot;:0,&quot;335559740&quot;:240,&quot;335559991&quot;:708}\">\u00a0<\/span><\/p><p><em>Rua General Carneiro, 460 &#8211; 7\u00ba andar Sala 700\u00a0<\/em><\/p><p><b><span data-contrast=\"none\">N\u00famero de vagas: 35 vagas<\/span><\/b><span data-ccp-props=\"{&quot;201341983&quot;:0,&quot;335551550&quot;:6,&quot;335551620&quot;:6,&quot;335559739&quot;:0,&quot;335559740&quot;:240}\">\u00a0<\/span><\/p><ul><li><b><span data-contrast=\"auto\">15 vagas priorit\u00e1rias a serem ofertadas para Pedagogos j\u00e1 inseridos em escolas p\u00fablicas de Ensino Fundamental de 6\u00ba a 9\u00ba ano;<\/span><\/b><\/li><li><b><span data-contrast=\"auto\">20<\/span><\/b> <b><span data-contrast=\"auto\">vagas a serem oferecidas a Pedagogos.<\/span><\/b><\/li><\/ul><p><b><span data-contrast=\"none\">Taxas: <\/span><\/b><span data-contrast=\"none\">N\u00e3o haver\u00e1 cobran\u00e7a de taxas, uma vez que a oferta \u00e9 gratuita.<\/span><span data-ccp-props=\"{&quot;201341983&quot;:0,&quot;335551550&quot;:6,&quot;335551620&quot;:6,&quot;335559685&quot;:708,&quot;335559739&quot;:0,&quot;335559740&quot;:240,&quot;335559991&quot;:708}\">\u00a0<\/span><\/p>\t\t\t\t\t\t\t\t<\/div>\n\t\t\t\t<\/div>\n\t\t\t\t\t<\/div>\n\t\t<\/div>\n\t\t\t\t\t<\/div>\n\t\t<\/section>\n\t\t\t\t<\/div>\n\t\t","protected":false},"excerpt":{"rendered":"<p>HIST\u00d3RICO A presente proposta de oferta do \u201cCurso de Organiza\u00e7\u00e3o do Trabalho Pedag\u00f3gico na Educa\u00e7\u00e3o Escolar P\u00fablica de N\u00edvel Fundamental do 6\u00ba ao 9\u00ba Ano [&hellip;]<\/p>\n","protected":false},"author":1081,"featured_media":0,"parent":0,"menu_order":0,"comment_status":"closed","ping_status":"closed","template":"","meta":{"_acf_changed":false,"footnotes":""},"class_list":["post-20","page","type-page","status-publish","hentry"],"acf":[],"_links":{"self":[{"href":"https:\/\/educacao.ufpr.br\/otp\/wp-json\/wp\/v2\/pages\/20","targetHints":{"allow":["GET"]}}],"collection":[{"href":"https:\/\/educacao.ufpr.br\/otp\/wp-json\/wp\/v2\/pages"}],"about":[{"href":"https:\/\/educacao.ufpr.br\/otp\/wp-json\/wp\/v2\/types\/page"}],"author":[{"embeddable":true,"href":"https:\/\/educacao.ufpr.br\/otp\/wp-json\/wp\/v2\/users\/1081"}],"replies":[{"embeddable":true,"href":"https:\/\/educacao.ufpr.br\/otp\/wp-json\/wp\/v2\/comments?post=20"}],"version-history":[{"count":8,"href":"https:\/\/educacao.ufpr.br\/otp\/wp-json\/wp\/v2\/pages\/20\/revisions"}],"predecessor-version":[{"id":56,"href":"https:\/\/educacao.ufpr.br\/otp\/wp-json\/wp\/v2\/pages\/20\/revisions\/56"}],"wp:attachment":[{"href":"https:\/\/educacao.ufpr.br\/otp\/wp-json\/wp\/v2\/media?parent=20"}],"curies":[{"name":"wp","href":"https:\/\/api.w.org\/{rel}","templated":true}]}}