{"id":813,"date":"2026-04-01T13:24:28","date_gmt":"2026-04-01T13:24:28","guid":{"rendered":"https:\/\/educacao.ufpr.br\/sepe\/?page_id=813"},"modified":"2026-04-22T22:19:22","modified_gmt":"2026-04-22T22:19:22","slug":"editais","status":"publish","type":"page","link":"https:\/\/educacao.ufpr.br\/sepe\/editais\/","title":{"rendered":"Editais"},"content":{"rendered":"\n<p><strong>EDITAL 01\/2026 &#8211; PARA ESCOLHA DA IDENTIDADE VISUAL (Publicado em 03\/03\/2026 \u00e0s 11h37):<\/strong><\/p>\n\n\n\n<div data-wp-interactive=\"core\/file\" class=\"wp-block-file\"><object data-wp-bind--hidden=\"!state.hasPdfPreview\" hidden class=\"wp-block-file__embed\" data=\"https:\/\/educacao.ufpr.br\/sepe\/wp-content\/uploads\/sites\/4\/2026\/03\/edital_concurso_arte_sepe_2026-1.pdf\" type=\"application\/pdf\" style=\"width:100%;height:600px\" aria-label=\"Incorporado de edital_concurso_arte_sepe_2026.\"><\/object><a id=\"wp-block-file--media-4c5d7c95-dcc4-47f2-83dc-5f492887e408\" href=\"https:\/\/educacao.ufpr.br\/sepe\/wp-content\/uploads\/sites\/4\/2026\/03\/edital_concurso_arte_sepe_2026-1.pdf\">edital_concurso_arte_sepe_2026<\/a><a href=\"https:\/\/educacao.ufpr.br\/sepe\/wp-content\/uploads\/sites\/4\/2026\/03\/edital_concurso_arte_sepe_2026-1.pdf\" class=\"wp-block-file__button wp-element-button\" download aria-describedby=\"wp-block-file--media-4c5d7c95-dcc4-47f2-83dc-5f492887e408\">Baixar<\/a><\/div>\n\n\n\n<p>As Inscri\u00e7\u00f5es iniciam em 03\/03\/2026 e terminam em 06\/04\/2026 no link <a href=\"https:\/\/forms.office.com\/r\/USwQsP2Web\">https:\/\/forms.office.com\/r\/USwQsP2Web<\/a><\/p>\n\n\n\n<p>Resultado ser\u00e1 no dia 14 de abril de 2026.<\/p>\n\n\n\n<figure class=\"wp-block-image size-full\"><a href=\"https:\/\/educacao.ufpr.br\/sepe\/wp-content\/uploads\/sites\/4\/2025\/04\/image-5.png\"><img fetchpriority=\"high\" decoding=\"async\" width=\"1021\" height=\"53\" src=\"https:\/\/educacao.ufpr.br\/sepe\/wp-content\/uploads\/sites\/4\/2025\/04\/image-5.png\" alt=\"\" class=\"wp-image-1746\" srcset=\"https:\/\/educacao.ufpr.br\/sepe\/wp-content\/uploads\/sites\/4\/2025\/04\/image-5.png 1021w, https:\/\/educacao.ufpr.br\/sepe\/wp-content\/uploads\/sites\/4\/2025\/04\/image-5-300x16.png 300w, https:\/\/educacao.ufpr.br\/sepe\/wp-content\/uploads\/sites\/4\/2025\/04\/image-5-768x40.png 768w, https:\/\/educacao.ufpr.br\/sepe\/wp-content\/uploads\/sites\/4\/2025\/04\/image-5-145x8.png 145w, https:\/\/educacao.ufpr.br\/sepe\/wp-content\/uploads\/sites\/4\/2025\/04\/image-5-75x4.png 75w\" sizes=\"(max-width: 1021px) 100vw, 1021px\" \/><\/a><\/figure>\n\n\n\n<p><strong>EDITAL 02\/2026 &#8211; ATIVIDADES ART\u00cdSTICAS E CULTURAIS<\/strong>: (Publicado em 16\/03\/2026 \u00e0s 09h41)<\/p>\n\n\n\n<div data-wp-interactive=\"core\/file\" class=\"wp-block-file\"><object data-wp-bind--hidden=\"!state.hasPdfPreview\" hidden class=\"wp-block-file__embed\" data=\"https:\/\/educacao.ufpr.br\/sepe\/wp-content\/uploads\/sites\/4\/2026\/03\/edital_atividades_artisticas_e_culturais_sepe_2026.pdf\" type=\"application\/pdf\" style=\"width:100%;height:600px\" aria-label=\"Incorporado de Edital_atividades_artisticas_e_culturais_SEPE_2026.\"><\/object><a id=\"wp-block-file--media-c7c8d2e1-642f-4e6d-8523-8d64532f0ee9\" href=\"https:\/\/educacao.ufpr.br\/sepe\/wp-content\/uploads\/sites\/4\/2026\/03\/edital_atividades_artisticas_e_culturais_sepe_2026.pdf\">Edital_atividades_artisticas_e_culturais_SEPE_2026<\/a><a href=\"https:\/\/educacao.ufpr.br\/sepe\/wp-content\/uploads\/sites\/4\/2026\/03\/edital_atividades_artisticas_e_culturais_sepe_2026.pdf\" class=\"wp-block-file__button wp-element-button\" download aria-describedby=\"wp-block-file--media-c7c8d2e1-642f-4e6d-8523-8d64532f0ee9\">Baixar<\/a><\/div>\n\n\n\n<p>As Inscri\u00e7\u00f5es iniciam em 16\/03\/2026 e terminam em 20\/04\/2026 no link <a href=\"https:\/\/forms.office.com\/r\/vMEK4gYvLH\">https:\/\/forms.office.com\/r\/vMEK4gYvLH<\/a><\/p>\n\n\n\n<p>Resultado ser\u00e1 no dia 27 de abril de 2026.<\/p>\n\n\n\n<figure class=\"wp-block-image size-full\"><a href=\"https:\/\/educacao.ufpr.br\/sepe\/wp-content\/uploads\/sites\/4\/2025\/04\/image-4.png\"><img decoding=\"async\" width=\"1021\" height=\"53\" src=\"https:\/\/educacao.ufpr.br\/sepe\/wp-content\/uploads\/sites\/4\/2025\/04\/image-4.png\" alt=\"\" class=\"wp-image-1745\" srcset=\"https:\/\/educacao.ufpr.br\/sepe\/wp-content\/uploads\/sites\/4\/2025\/04\/image-4.png 1021w, https:\/\/educacao.ufpr.br\/sepe\/wp-content\/uploads\/sites\/4\/2025\/04\/image-4-300x16.png 300w, https:\/\/educacao.ufpr.br\/sepe\/wp-content\/uploads\/sites\/4\/2025\/04\/image-4-768x40.png 768w, https:\/\/educacao.ufpr.br\/sepe\/wp-content\/uploads\/sites\/4\/2025\/04\/image-4-145x8.png 145w, https:\/\/educacao.ufpr.br\/sepe\/wp-content\/uploads\/sites\/4\/2025\/04\/image-4-75x4.png 75w\" sizes=\"(max-width: 1021px) 100vw, 1021px\" \/><\/a><\/figure>\n\n\n\n<p><strong style=\"font-weight: bold\">EDITAL 03\/2026 &#8211; EXPOSITORES DA MOSTRA DE ARTESANATO: <\/strong>(Publicado em 16\/03\/2026 \u00e0s 10h57).<\/p>\n\n\n\n<div data-wp-interactive=\"core\/file\" class=\"wp-block-file\"><object data-wp-bind--hidden=\"!state.hasPdfPreview\" hidden class=\"wp-block-file__embed\" data=\"https:\/\/educacao.ufpr.br\/sepe\/wp-content\/uploads\/sites\/4\/2026\/03\/edital_mostra_artesanato_sepe_2026.pdf\" type=\"application\/pdf\" style=\"width:100%;height:600px\" aria-label=\"Incorporado de Edital_mostra_artesanato_SEPE_2026.\"><\/object><a id=\"wp-block-file--media-393b6f3a-7b6a-4615-9614-9cbc958b1d03\" href=\"https:\/\/educacao.ufpr.br\/sepe\/wp-content\/uploads\/sites\/4\/2026\/03\/edital_mostra_artesanato_sepe_2026.pdf\">Edital_mostra_artesanato_SEPE_2026<\/a><a href=\"https:\/\/educacao.ufpr.br\/sepe\/wp-content\/uploads\/sites\/4\/2026\/03\/edital_mostra_artesanato_sepe_2026.pdf\" class=\"wp-block-file__button wp-element-button\" download aria-describedby=\"wp-block-file--media-393b6f3a-7b6a-4615-9614-9cbc958b1d03\">Baixar<\/a><\/div>\n\n\n\n<p>As Inscri\u00e7\u00f5es iniciam em 16\/03\/2026 e terminam em 27\/04\/2026 no link <a href=\"https:\/\/forms.office.com\/r\/vMEK4gYvLH\"> <\/a><a href=\"https:\/\/forms.office.com\/r\/rxRwpXTr0j\">https:\/\/forms.office.com\/r\/rxRwpXTr0j<\/a><\/p>\n\n\n\n<p>Resultado ser\u00e1 no dia 15 de maio de 2026.<\/p>\n\n\n\n<figure class=\"wp-block-image size-full\"><a href=\"https:\/\/educacao.ufpr.br\/sepe\/wp-content\/uploads\/sites\/4\/2025\/04\/image-4.png\"><img decoding=\"async\" width=\"1021\" height=\"53\" src=\"https:\/\/educacao.ufpr.br\/sepe\/wp-content\/uploads\/sites\/4\/2025\/04\/image-4.png\" alt=\"\" class=\"wp-image-1745\" srcset=\"https:\/\/educacao.ufpr.br\/sepe\/wp-content\/uploads\/sites\/4\/2025\/04\/image-4.png 1021w, https:\/\/educacao.ufpr.br\/sepe\/wp-content\/uploads\/sites\/4\/2025\/04\/image-4-300x16.png 300w, https:\/\/educacao.ufpr.br\/sepe\/wp-content\/uploads\/sites\/4\/2025\/04\/image-4-768x40.png 768w, https:\/\/educacao.ufpr.br\/sepe\/wp-content\/uploads\/sites\/4\/2025\/04\/image-4-145x8.png 145w, https:\/\/educacao.ufpr.br\/sepe\/wp-content\/uploads\/sites\/4\/2025\/04\/image-4-75x4.png 75w\" sizes=\"(max-width: 1021px) 100vw, 1021px\" \/><\/a><\/figure>\n\n\n\n<p><strong style=\"font-weight: bold\">EDITAL 04\/2026 &#8211; <\/strong><strong>EDITAL PARA PROPONENTES DE TRABALHOS:<\/strong> (Publicado em 16\/03\/2026 \u00e0s 17h12).<\/p>\n\n\n\n<div data-wp-interactive=\"core\/file\" class=\"wp-block-file\"><object data-wp-bind--hidden=\"!state.hasPdfPreview\" hidden class=\"wp-block-file__embed\" data=\"https:\/\/educacao.ufpr.br\/sepe\/wp-content\/uploads\/sites\/4\/2026\/03\/edital_proponentes_sepe_2026.pdf\" type=\"application\/pdf\" style=\"width:100%;height:600px\" aria-label=\"Incorporado de Edital_Proponentes_SEPE_2026.\"><\/object><a id=\"wp-block-file--media-fdb996b8-f867-44d7-96d9-a6a760a87b3f\" href=\"https:\/\/educacao.ufpr.br\/sepe\/wp-content\/uploads\/sites\/4\/2026\/03\/edital_proponentes_sepe_2026.pdf\">Edital_Proponentes_SEPE_2026<\/a><a href=\"https:\/\/educacao.ufpr.br\/sepe\/wp-content\/uploads\/sites\/4\/2026\/03\/edital_proponentes_sepe_2026.pdf\" class=\"wp-block-file__button wp-element-button\" download aria-describedby=\"wp-block-file--media-fdb996b8-f867-44d7-96d9-a6a760a87b3f\">Baixar<\/a><\/div>\n\n\n\n<p><strong style=\"font-weight: bold\">EDITAL 05\/2026 &#8211; <\/strong><strong>RETIFICA\u00c7\u00c3O <\/strong><strong>EDITAL PARA PROPONENTES DE TRABALHOS:<\/strong> (Publicado em 26\/03\/2026 \u00e0s 14h44).<\/p>\n\n\n\n<div data-wp-interactive=\"core\/file\" class=\"wp-block-file\"><object data-wp-bind--hidden=\"!state.hasPdfPreview\" hidden class=\"wp-block-file__embed\" data=\"https:\/\/educacao.ufpr.br\/sepe\/wp-content\/uploads\/sites\/4\/2026\/03\/ret_edital_proponentes_sepe_2026.pdf\" type=\"application\/pdf\" style=\"width:100%;height:600px\" aria-label=\"Incorporado de RET_Edital_Proponentes_SEPE_2026.\"><\/object><a id=\"wp-block-file--media-05ebb573-5d76-44ca-b6dc-614f1dc9178e\" href=\"https:\/\/educacao.ufpr.br\/sepe\/wp-content\/uploads\/sites\/4\/2026\/03\/ret_edital_proponentes_sepe_2026.pdf\">RET_Edital_Proponentes_SEPE_2026<\/a><a href=\"https:\/\/educacao.ufpr.br\/sepe\/wp-content\/uploads\/sites\/4\/2026\/03\/ret_edital_proponentes_sepe_2026.pdf\" class=\"wp-block-file__button wp-element-button\" download aria-describedby=\"wp-block-file--media-05ebb573-5d76-44ca-b6dc-614f1dc9178e\">Baixar<\/a><\/div>\n\n\n\n<p><strong>EDITAL 06\/2026 &#8211; RETIFICA\u00c7\u00c3O EDITAL PARA PROPONENTES DE TRABALHOS:<\/strong> (Publicado em 01\/04\/2026 \u00e0s 10h15).<\/p>\n\n\n\n<div data-wp-interactive=\"core\/file\" class=\"wp-block-file\"><object data-wp-bind--hidden=\"!state.hasPdfPreview\" hidden class=\"wp-block-file__embed\" data=\"https:\/\/educacao.ufpr.br\/sepe\/wp-content\/uploads\/sites\/4\/2026\/04\/retificacao_2_edital_proponentes_sepe_20261-1.pdf\" type=\"application\/pdf\" style=\"width:100%;height:600px\" aria-label=\"Incorporado de RETIFICACAO_2_Edital_Proponentes_SEPE_20261.\"><\/object><a id=\"wp-block-file--media-08e86afd-1eaf-42ad-9546-bb7877b7ff4e\" href=\"https:\/\/educacao.ufpr.br\/sepe\/wp-content\/uploads\/sites\/4\/2026\/04\/retificacao_2_edital_proponentes_sepe_20261-1.pdf\">RETIFICACAO_2_Edital_Proponentes_SEPE_20261<\/a><a href=\"https:\/\/educacao.ufpr.br\/sepe\/wp-content\/uploads\/sites\/4\/2026\/04\/retificacao_2_edital_proponentes_sepe_20261-1.pdf\" class=\"wp-block-file__button wp-element-button\" download aria-describedby=\"wp-block-file--media-08e86afd-1eaf-42ad-9546-bb7877b7ff4e\">Baixar<\/a><\/div>\n\n\n\n<p>As Inscri\u00e7\u00f5es iniciam em 16\/03\/2026 e terminam em 27\/04\/2026 no link <a href=\"https:\/\/forms.office.com\/r\/qnVYQUk841\">https:\/\/forms.office.com\/r\/qnVYQUk841<\/a><\/p>\n\n\n\n<p>Resultado ser\u00e1 at\u00e9 o dia 20 de maio de 2026.<\/p>\n\n\n\n<p><strong>EDITAL No. 07\/2026 &#8211; Resultado da Escolha da Identidade Visual da SEPE 2026<\/strong><\/p>\n\n\n\n<div data-wp-interactive=\"core\/file\" class=\"wp-block-file\"><object data-wp-bind--hidden=\"!state.hasPdfPreview\" hidden class=\"wp-block-file__embed\" data=\"https:\/\/educacao.ufpr.br\/sepe\/wp-content\/uploads\/sites\/4\/2026\/04\/sepeedital7.pdf\" type=\"application\/pdf\" style=\"width:100%;height:600px\" aria-label=\"Incorporado de sepeEDITAL7.\"><\/object><a id=\"wp-block-file--media-82877422-433f-4f51-accf-ceef031d36db\" href=\"https:\/\/educacao.ufpr.br\/sepe\/wp-content\/uploads\/sites\/4\/2026\/04\/sepeedital7.pdf\">sepeEDITAL7<\/a><a href=\"https:\/\/educacao.ufpr.br\/sepe\/wp-content\/uploads\/sites\/4\/2026\/04\/sepeedital7.pdf\" class=\"wp-block-file__button wp-element-button\" download aria-describedby=\"wp-block-file--media-82877422-433f-4f51-accf-ceef031d36db\">Baixar<\/a><\/div>\n\n\n\n<figure class=\"wp-block-image size-full\"><a href=\"https:\/\/educacao.ufpr.br\/sepe\/wp-content\/uploads\/sites\/4\/2025\/04\/image-4.png\"><img decoding=\"async\" width=\"1021\" height=\"53\" src=\"https:\/\/educacao.ufpr.br\/sepe\/wp-content\/uploads\/sites\/4\/2025\/04\/image-4.png\" alt=\"\" class=\"wp-image-1745\" srcset=\"https:\/\/educacao.ufpr.br\/sepe\/wp-content\/uploads\/sites\/4\/2025\/04\/image-4.png 1021w, https:\/\/educacao.ufpr.br\/sepe\/wp-content\/uploads\/sites\/4\/2025\/04\/image-4-300x16.png 300w, https:\/\/educacao.ufpr.br\/sepe\/wp-content\/uploads\/sites\/4\/2025\/04\/image-4-768x40.png 768w, https:\/\/educacao.ufpr.br\/sepe\/wp-content\/uploads\/sites\/4\/2025\/04\/image-4-145x8.png 145w, https:\/\/educacao.ufpr.br\/sepe\/wp-content\/uploads\/sites\/4\/2025\/04\/image-4-75x4.png 75w\" sizes=\"(max-width: 1021px) 100vw, 1021px\" \/><\/a><\/figure>\n\n\n\n<p><strong style=\"font-weight: bold\">EDITAL No. 08\/2026 &#8211; MONITORIA VOLUNT\u00c1RIA<\/strong> (Publicado em 15\/04\/26, \u00e0s 16h55min)<\/p>\n\n\n\n<div data-wp-interactive=\"core\/file\" class=\"wp-block-file\"><object data-wp-bind--hidden=\"!state.hasPdfPreview\" hidden class=\"wp-block-file__embed\" data=\"https:\/\/educacao.ufpr.br\/sepe\/wp-content\/uploads\/sites\/4\/2026\/04\/edital_monitoria_sepe_2026-1-1.pdf\" type=\"application\/pdf\" style=\"width:100%;height:600px\" aria-label=\"Incorporado de Edital_Monitoria_SEPE_2026 (1).\"><\/object><a id=\"wp-block-file--media-cc7017c9-526f-4a09-a0fc-f5f67e08121a\" href=\"https:\/\/educacao.ufpr.br\/sepe\/wp-content\/uploads\/sites\/4\/2026\/04\/edital_monitoria_sepe_2026-1-1.pdf\">Edital_Monitoria_SEPE_2026 (1)<\/a><a href=\"https:\/\/educacao.ufpr.br\/sepe\/wp-content\/uploads\/sites\/4\/2026\/04\/edital_monitoria_sepe_2026-1-1.pdf\" class=\"wp-block-file__button wp-element-button\" download aria-describedby=\"wp-block-file--media-cc7017c9-526f-4a09-a0fc-f5f67e08121a\">Baixar<\/a><\/div>\n\n\n\n<figure class=\"wp-block-image size-full\"><a href=\"https:\/\/educacao.ufpr.br\/sepe\/wp-content\/uploads\/sites\/4\/2025\/04\/image-4.png\"><img decoding=\"async\" width=\"1021\" height=\"53\" src=\"https:\/\/educacao.ufpr.br\/sepe\/wp-content\/uploads\/sites\/4\/2025\/04\/image-4.png\" alt=\"\" class=\"wp-image-1745\" srcset=\"https:\/\/educacao.ufpr.br\/sepe\/wp-content\/uploads\/sites\/4\/2025\/04\/image-4.png 1021w, https:\/\/educacao.ufpr.br\/sepe\/wp-content\/uploads\/sites\/4\/2025\/04\/image-4-300x16.png 300w, https:\/\/educacao.ufpr.br\/sepe\/wp-content\/uploads\/sites\/4\/2025\/04\/image-4-768x40.png 768w, https:\/\/educacao.ufpr.br\/sepe\/wp-content\/uploads\/sites\/4\/2025\/04\/image-4-145x8.png 145w, https:\/\/educacao.ufpr.br\/sepe\/wp-content\/uploads\/sites\/4\/2025\/04\/image-4-75x4.png 75w\" sizes=\"(max-width: 1021px) 100vw, 1021px\" \/><\/a><\/figure>\n\n\n\n<p><strong>EDITAL\u00a0N.\u00a009\/2026 <\/strong>\u00a0&#8211; Altera a data de\u00a0divulga\u00e7\u00e3o dos resultados do edital 02\/2026, de atividades art\u00edsticas e culturais\u00a0(Publicado em 22\/04\/26, \u00e0s 18h59min)<\/p>\n\n\n\n<div data-wp-interactive=\"core\/file\" class=\"wp-block-file\"><object data-wp-bind--hidden=\"!state.hasPdfPreview\" hidden class=\"wp-block-file__embed\" data=\"https:\/\/educacao.ufpr.br\/sepe\/wp-content\/uploads\/sites\/4\/2026\/04\/edital_alteracao-da-data-de-resultados_atividades-artisticas-e-culturais.pdf\" type=\"application\/pdf\" style=\"width:100%;height:600px\" aria-label=\"Incorporado de Edital_alterac\u0327a\u0303o da data de resultados_Atividades arti\u0301sticas e culturais.\"><\/object><a id=\"wp-block-file--media-d51e6c76-5a18-4fd5-b978-9ae67e184031\" href=\"https:\/\/educacao.ufpr.br\/sepe\/wp-content\/uploads\/sites\/4\/2026\/04\/edital_alteracao-da-data-de-resultados_atividades-artisticas-e-culturais.pdf\">Edital_alterac\u0327a\u0303o da data de resultados_Atividades arti\u0301sticas e culturais<\/a><a href=\"https:\/\/educacao.ufpr.br\/sepe\/wp-content\/uploads\/sites\/4\/2026\/04\/edital_alteracao-da-data-de-resultados_atividades-artisticas-e-culturais.pdf\" class=\"wp-block-file__button wp-element-button\" download aria-describedby=\"wp-block-file--media-d51e6c76-5a18-4fd5-b978-9ae67e184031\">Baixar<\/a><\/div>\n","protected":false},"excerpt":{"rendered":"<p>EDITAL 01\/2026 &#8211; PARA ESCOLHA DA IDENTIDADE VISUAL (Publicado em 03\/03\/2026 \u00e0s 11h37): As Inscri\u00e7\u00f5es iniciam em 03\/03\/2026 e terminam em 06\/04\/2026 no link https:\/\/forms.office.com\/r\/USwQsP2Web [&hellip;]<\/p>\n","protected":false},"author":1081,"featured_media":0,"parent":0,"menu_order":0,"comment_status":"closed","ping_status":"closed","template":"","meta":{"_acf_changed":false,"footnotes":""},"class_list":["post-813","page","type-page","status-publish","hentry"],"acf":[],"_links":{"self":[{"href":"https:\/\/educacao.ufpr.br\/sepe\/wp-json\/wp\/v2\/pages\/813","targetHints":{"allow":["GET"]}}],"collection":[{"href":"https:\/\/educacao.ufpr.br\/sepe\/wp-json\/wp\/v2\/pages"}],"about":[{"href":"https:\/\/educacao.ufpr.br\/sepe\/wp-json\/wp\/v2\/types\/page"}],"author":[{"embeddable":true,"href":"https:\/\/educacao.ufpr.br\/sepe\/wp-json\/wp\/v2\/users\/1081"}],"replies":[{"embeddable":true,"href":"https:\/\/educacao.ufpr.br\/sepe\/wp-json\/wp\/v2\/comments?post=813"}],"version-history":[{"count":51,"href":"https:\/\/educacao.ufpr.br\/sepe\/wp-json\/wp\/v2\/pages\/813\/revisions"}],"predecessor-version":[{"id":2634,"href":"https:\/\/educacao.ufpr.br\/sepe\/wp-json\/wp\/v2\/pages\/813\/revisions\/2634"}],"wp:attachment":[{"href":"https:\/\/educacao.ufpr.br\/sepe\/wp-json\/wp\/v2\/media?parent=813"}],"curies":[{"name":"wp","href":"https:\/\/api.w.org\/{rel}","templated":true}]}}